{"id":8716,"date":"2024-09-27T13:45:34","date_gmt":"2024-09-27T18:45:34","guid":{"rendered":"https:\/\/www.ipgh.org\/mx\/?page_id=8716"},"modified":"2025-04-04T14:21:14","modified_gmt":"2025-04-04T20:21:14","slug":"junio-2023","status":"publish","type":"page","link":"https:\/\/www.ipgh.org\/mx\/?page_id=8716","title":{"rendered":"Junio 2023"},"content":{"rendered":"\n<p class=\"has-cyan-bluish-gray-color has-text-color has-link-color has-large-font-size wp-elements-95b1196caed93c32f30f27d0a07e6c91\"><strong>01<\/strong><\/p>\n\n\n\n<p class=\"has-luminous-vivid-orange-color has-text-color has-link-color wp-elements-2204f29439d2f1d51789ccc1cb530434\" style=\"font-size:25px\"><strong>Conmemoraci\u00f3n del 67\u00b0 Aniversario del ILCE en el Museo del Tel\u00e9grafo<\/strong><\/p>\n\n\n\n<div style=\"height:15px\" aria-hidden=\"true\" class=\"wp-block-spacer\"><\/div>\n\n\n<div class=\"wp-block-image\">\n<figure class=\"aligncenter size-full is-resized\"><img decoding=\"async\" loading=\"lazy\" src=\"https:\/\/www.ipgh.org\/mx\/wp-content\/uploads\/2024\/09\/2-junio-1.jpg\" alt=\"\" class=\"wp-image-8718\" style=\"width:714px;height:477px\" width=\"714\" height=\"477\" srcset=\"https:\/\/www.ipgh.org\/mx\/wp-content\/uploads\/2024\/09\/2-junio-1.jpg 988w, https:\/\/www.ipgh.org\/mx\/wp-content\/uploads\/2024\/09\/2-junio-1-300x200.jpg 300w, https:\/\/www.ipgh.org\/mx\/wp-content\/uploads\/2024\/09\/2-junio-1-768x513.jpg 768w\" sizes=\"(max-width: 714px) 100vw, 714px\" \/><\/figure><\/div>\n\n\n<div style=\"height:15px\" aria-hidden=\"true\" class=\"wp-block-spacer\"><\/div>\n\n\n\n<p class=\"has-black-color has-text-color has-link-color wp-elements-fd80564b98aa7284def7893d8d3910e2\" style=\"font-size:18px\">El Museo del Tel\u00e9grafo de la Ciudad de M\u00e9xico fue el escenario de la Recepci\u00f3n Oficial por la Conmemoraci\u00f3n de la Firma del Tratado del Instituto Latinoamericano de la Comunicaci\u00f3n Educativa, en el marco del 67\u00b0 Aniversario de la creaci\u00f3n de esta instituci\u00f3n. El Mtro. Antonio Campuzano Rosales, acompa\u00f1\u00f3 al Dr. Salvador Percastre Mendizabal, Director General del ILCE en la emotiva ceremonia.<\/p>\n\n\n\n<p class=\"has-black-color has-text-color has-link-color wp-elements-f8bbd709947b0403b705da65ce0b8009\" style=\"font-size:18px\">Durante el evento, dirigido por el Mtro. Jaime R\u00edo Salcedo, Presidente de la Secci\u00f3n Nacional del IPGH en M\u00e9xico, se expresaron sinceras felicitaciones al ILCE por parte del Cuerpo Diplom\u00e1tico presente, por el destacado trabajo e innovadoras acciones en los programas educativos para la regi\u00f3n. <\/p>\n\n\n\n<div style=\"height:15px\" aria-hidden=\"true\" class=\"wp-block-spacer\"><\/div>\n\n\n\n<hr class=\"wp-block-separator has-text-color has-luminous-vivid-orange-color has-alpha-channel-opacity has-luminous-vivid-orange-background-color has-background is-style-dots\"\/>\n\n\n\n<p class=\"has-cyan-bluish-gray-color has-text-color has-link-color has-large-font-size wp-elements-911f8d8ca24d4b20ec7c5ca92f8aeffb\"><strong>02<\/strong><\/p>\n\n\n\n<p class=\"has-luminous-vivid-orange-color has-text-color has-link-color wp-elements-cf246fcb41bc2823b856e596ae38d474\" style=\"font-size:25px\"><strong>Inauguraci\u00f3n del &#8220;Fin de Semana de Guatemala en Los Pinos&#8221;<\/strong><\/p>\n\n\n\n<div style=\"height:15px\" aria-hidden=\"true\" class=\"wp-block-spacer\"><\/div>\n\n\n\n<div class=\"wp-block-media-text is-stacked-on-mobile\" style=\"grid-template-columns:48% auto\"><figure class=\"wp-block-media-text__media\"><img decoding=\"async\" loading=\"lazy\" width=\"1024\" height=\"1024\" src=\"https:\/\/www.ipgh.org\/mx\/wp-content\/uploads\/2024\/09\/1-junio-23-1024x1024.jpg\" alt=\"\" class=\"wp-image-8717 size-full\" srcset=\"https:\/\/www.ipgh.org\/mx\/wp-content\/uploads\/2024\/09\/1-junio-23-1024x1024.jpg 1024w, https:\/\/www.ipgh.org\/mx\/wp-content\/uploads\/2024\/09\/1-junio-23-300x300.jpg 300w, https:\/\/www.ipgh.org\/mx\/wp-content\/uploads\/2024\/09\/1-junio-23-150x150.jpg 150w, https:\/\/www.ipgh.org\/mx\/wp-content\/uploads\/2024\/09\/1-junio-23-768x768.jpg 768w, https:\/\/www.ipgh.org\/mx\/wp-content\/uploads\/2024\/09\/1-junio-23.jpg 1200w\" sizes=\"(max-width: 1024px) 100vw, 1024px\" \/><\/figure><div class=\"wp-block-media-text__content\">\n<p class=\"has-white-color has-text-color has-background has-link-color wp-elements-c3d6a52aa69d3af2e3d07b0b1400ac8c\" style=\"background-color:#ff9448;font-size:18px\">En este evento especial, se llev\u00f3  cabo en el marco de la conmemorci\u00f3n del 175\u00b0 Aniversario de las Relaciones Diplom\u00e1ticas entre Guatemala y M\u00e9xico.<br>El Secretario General del IPGH, Mtro. Antonio Campuzano Rosales, fue invitado por el Excmo. se\u00f1or Embajador Mario Adolfo B\u00facaro Flores, para ser parte de esta significativa ocasi\u00f3n.<\/p>\n<\/div><\/div>\n\n\n\n<div style=\"height:15px\" aria-hidden=\"true\" class=\"wp-block-spacer\"><\/div>\n\n\n\n<hr class=\"wp-block-separator has-text-color has-luminous-vivid-orange-color has-alpha-channel-opacity has-luminous-vivid-orange-background-color has-background is-style-dots\"\/>\n\n\n\n<p class=\"has-cyan-bluish-gray-color has-text-color has-link-color has-large-font-size wp-elements-8c098c037f149f3d514e6d4d330f1481\"><strong>08 <\/strong><\/p>\n\n\n\n<p class=\"has-luminous-vivid-orange-color has-text-color has-link-color wp-elements-352af6b67845c9d79f40fdfbf0b4a00f\" style=\"font-size:25px\"><strong>Reuni\u00f3n virtual con UN-GGIM: Am\u00e9ricas<\/strong><\/p>\n\n\n\n<div style=\"height:15px\" aria-hidden=\"true\" class=\"wp-block-spacer\"><\/div>\n\n\n\n<div class=\"wp-block-group is-nowrap is-layout-flex wp-container-1 wp-block-group-is-layout-flex\">\n<figure class=\"wp-block-image size-full is-resized\"><img decoding=\"async\" loading=\"lazy\" src=\"https:\/\/www.ipgh.org\/mx\/wp-content\/uploads\/2024\/09\/3.1-junio.jpg\" alt=\"\" class=\"wp-image-8719\" style=\"width:594px;height:396px\" width=\"594\" height=\"396\" srcset=\"https:\/\/www.ipgh.org\/mx\/wp-content\/uploads\/2024\/09\/3.1-junio.jpg 874w, https:\/\/www.ipgh.org\/mx\/wp-content\/uploads\/2024\/09\/3.1-junio-300x200.jpg 300w, https:\/\/www.ipgh.org\/mx\/wp-content\/uploads\/2024\/09\/3.1-junio-768x511.jpg 768w\" sizes=\"(max-width: 594px) 100vw, 594px\" \/><\/figure>\n\n\n\n<figure class=\"wp-block-image size-full is-resized\"><img decoding=\"async\" loading=\"lazy\" src=\"https:\/\/www.ipgh.org\/mx\/wp-content\/uploads\/2024\/09\/3-junio-1.jpg\" alt=\"\" class=\"wp-image-8720\" style=\"width:597px;height:398px\" width=\"597\" height=\"398\" srcset=\"https:\/\/www.ipgh.org\/mx\/wp-content\/uploads\/2024\/09\/3-junio-1.jpg 592w, https:\/\/www.ipgh.org\/mx\/wp-content\/uploads\/2024\/09\/3-junio-1-300x200.jpg 300w\" sizes=\"(max-width: 597px) 100vw, 597px\" \/><\/figure>\n<\/div>\n\n\n\n<div style=\"height:15px\" aria-hidden=\"true\" class=\"wp-block-spacer\"><\/div>\n\n\n\n<p class=\"has-black-color has-text-color has-link-color wp-elements-a5580304fdc1250ec941dffdd6d18176\" style=\"font-size:18px\">El Mtro. Antonio Campuzano Rosales sostuvo una reuni\u00f3n virtual con la Presidenta del Comit\u00e9 Regional de las Naciones Unidas sobre Gesti\u00f3n Global para las Am\u00e9ricas (UN-GGIM: Am\u00e9ricas), Ge\u00f3g. Sof\u00eda Nilo, y la Secretaria Ejecutiva, Ge\u00f3g. Pamela Castillo. El objetivo del encuentro fue coordinar las fechas de realizaci\u00f3n de la 11\u00aa Sesi\u00f3n de UN-GGIM: Am\u00e9ricas y de la 25\u00aa Asamblea General del IPGH, que se llevar\u00e1n a cabo en el segundo semenstre del 2024, con la inteci\u00f3n de encontrar oportunidades de apoyo y crecimineto entre ambas instituciones internacionales.<\/p>\n\n\n\n<div style=\"height:15px\" aria-hidden=\"true\" class=\"wp-block-spacer\"><\/div>\n\n\n\n<hr class=\"wp-block-separator has-text-color has-luminous-vivid-orange-color has-alpha-channel-opacity has-luminous-vivid-orange-background-color has-background is-style-dots\"\/>\n\n\n\n<p class=\"has-cyan-bluish-gray-color has-text-color has-link-color has-large-font-size wp-elements-4e06c221d1199069564178728668f7fb\"><strong>09<\/strong><\/p>\n\n\n\n<p class=\"has-luminous-vivid-orange-color has-text-color has-link-color wp-elements-69d2a434ab079a1350e8b91514bd0d3b\" style=\"font-size:25px\"><strong>Sesi\u00f3n virtual de coordinaci\u00f3n entre el IPGH y la Academia Latinoamericana de Historia Militar<\/strong><\/p>\n\n\n\n<div style=\"height:15px\" aria-hidden=\"true\" class=\"wp-block-spacer\"><\/div>\n\n\n\n<p style=\"font-size:19px\">Sesi\u00f3n virtual con el Cnel. Enrique Gargurevich, Presidente de la Academia Latinoamericana de Historia Militar.                                              El objetivo del encuentro fue iniciar trabajos de coordinaci\u00f3n para establecer un convenio de colaboraci\u00f3n conjunto. <\/p>\n\n\n\n<div class=\"wp-block-media-text is-stacked-on-mobile\" style=\"grid-template-columns:55% auto\"><figure class=\"wp-block-media-text__media\"><img decoding=\"async\" loading=\"lazy\" width=\"874\" height=\"583\" src=\"https:\/\/www.ipgh.org\/mx\/wp-content\/uploads\/2024\/09\/4-junio-23.jpg\" alt=\"\" class=\"wp-image-8723 size-full\" srcset=\"https:\/\/www.ipgh.org\/mx\/wp-content\/uploads\/2024\/09\/4-junio-23.jpg 874w, https:\/\/www.ipgh.org\/mx\/wp-content\/uploads\/2024\/09\/4-junio-23-300x200.jpg 300w, https:\/\/www.ipgh.org\/mx\/wp-content\/uploads\/2024\/09\/4-junio-23-768x512.jpg 768w\" sizes=\"(max-width: 874px) 100vw, 874px\" \/><\/figure><div class=\"wp-block-media-text__content\">\n<p class=\"has-white-color has-text-color has-background has-link-color wp-elements-08b9a18736c913e7fcc35f680be43669\" style=\"background-color:#ff9448;font-size:18px\">Se mencion\u00f3 la planeaci\u00f3n de un ciclo de conferencias que promuevan el intercambio de conocimientos hist\u00f3ricos, enriqueciendo la experiencia de todos los participantes.<\/p>\n<\/div><\/div>\n\n\n\n<div style=\"height:15px\" aria-hidden=\"true\" class=\"wp-block-spacer\"><\/div>\n\n\n\n<hr class=\"wp-block-separator has-text-color has-luminous-vivid-orange-color has-alpha-channel-opacity has-luminous-vivid-orange-background-color has-background is-style-dots\"\/>\n\n\n\n<p class=\"has-cyan-bluish-gray-color has-text-color has-link-color has-large-font-size wp-elements-f1cdefb189474c01a89849d3ab850f7c\"><strong>20<\/strong><\/p>\n\n\n\n<p class=\"has-luminous-vivid-orange-color has-text-color has-link-color wp-elements-957866922ec29f2b78e6cd490b83502f\" style=\"font-size:25px\"><strong>Visita del Secretario General del IPGH a la Embajadora de M\u00e9xico ante la OEA<\/strong><\/p>\n\n\n\n<div style=\"height:15px\" aria-hidden=\"true\" class=\"wp-block-spacer\"><\/div>\n\n\n\n<p class=\"has-black-color has-text-color has-link-color wp-elements-562a4e4248f018d1a972293d164e4eb3\" style=\"font-size:18px\">La reuni\u00f3n efectuada entre la  Embajadora Luz Elena Ba\u00f1os, Representante Permanente de M\u00e9xico ante la Organizaci\u00f3n de los Estados Americanos, y el Mtro. Antonio Campuzano, Secretario General del Instiuto Panamericano de Geograf\u00eda e Historia, representa un hito importante en el marco del Plan Estrat\u00e9gico de Modernizaci\u00f3n del IPGH 2022-2025, que tiene como uno de sus ejes rectores, el fortalecimiento de las relaciones del Instituto con organismos internacionales de relevancia, como la Organizaci\u00f3n de los Estados Americanos (OEA).<\/p>\n\n\n\n<div style=\"height:15px\" aria-hidden=\"true\" class=\"wp-block-spacer\"><\/div>\n\n\n<div class=\"wp-block-image\">\n<figure class=\"aligncenter size-large is-resized\"><img decoding=\"async\" loading=\"lazy\" src=\"https:\/\/www.ipgh.org\/mx\/wp-content\/uploads\/2024\/09\/5-junio-23-768x1024.jpg\" alt=\"\" class=\"wp-image-8728\" style=\"width:418px;height:557px\" width=\"418\" height=\"557\" srcset=\"https:\/\/www.ipgh.org\/mx\/wp-content\/uploads\/2024\/09\/5-junio-23-768x1023.jpg 768w, https:\/\/www.ipgh.org\/mx\/wp-content\/uploads\/2024\/09\/5-junio-23-225x300.jpg 225w, https:\/\/www.ipgh.org\/mx\/wp-content\/uploads\/2024\/09\/5-junio-23-1153x1536.jpg 1153w, https:\/\/www.ipgh.org\/mx\/wp-content\/uploads\/2024\/09\/5-junio-23.jpg 1200w\" sizes=\"(max-width: 418px) 100vw, 418px\" \/><\/figure><\/div>\n\n\n<div style=\"height:15px\" aria-hidden=\"true\" class=\"wp-block-spacer\"><\/div>\n\n\n\n<hr class=\"wp-block-separator has-text-color has-luminous-vivid-orange-color has-alpha-channel-opacity has-luminous-vivid-orange-background-color has-background is-style-dots\"\/>\n\n\n\n<p class=\"has-cyan-bluish-gray-color has-text-color has-link-color has-large-font-size wp-elements-369aec8ff2e6d87e5848955cae3d762c\"><strong>21-23<\/strong><\/p>\n\n\n\n<p class=\"has-luminous-vivid-orange-color has-text-color has-link-color wp-elements-3f8bf511974935bf5d001b21903461dc\" style=\"font-size:25px\"><strong> 53\u00aa Asamblea General de la Organizaci\u00f3n de los Estados Americanos (OEA)<\/strong><\/p>\n\n\n\n<div style=\"height:15px\" aria-hidden=\"true\" class=\"wp-block-spacer\"><\/div>\n\n\n<div class=\"wp-block-image\">\n<figure class=\"aligncenter size-full is-resized\"><img decoding=\"async\" loading=\"lazy\" src=\"https:\/\/www.ipgh.org\/mx\/wp-content\/uploads\/2024\/09\/6-junio-23.jpg\" alt=\"\" class=\"wp-image-8734\" style=\"width:767px;height:767px\" width=\"767\" height=\"767\" srcset=\"https:\/\/www.ipgh.org\/mx\/wp-content\/uploads\/2024\/09\/6-junio-23.jpg 526w, https:\/\/www.ipgh.org\/mx\/wp-content\/uploads\/2024\/09\/6-junio-23-300x300.jpg 300w, https:\/\/www.ipgh.org\/mx\/wp-content\/uploads\/2024\/09\/6-junio-23-150x150.jpg 150w\" sizes=\"(max-width: 767px) 100vw, 767px\" \/><\/figure><\/div>\n\n\n<div style=\"height:3px\" aria-hidden=\"true\" class=\"wp-block-spacer\"><\/div>\n\n\n\n<div style=\"height:20px\" aria-hidden=\"true\" class=\"wp-block-spacer\"><\/div>\n\n\n\n<p class=\"has-black-color has-text-color has-link-color wp-elements-69dd4fc47bd9ea3dd63a2b459142454c\" style=\"font-size:18px\">En el marco de la 53\u00aa Asamblea General de la OEA, el Secretario General del IPGH, Mtro. Antonio Campuzano Rosales, cumpli\u00f3 con una fruct\u00edfera agenda de trabajo en Washington D.C., donde se alcanzaron importantes logros como:<\/p>\n\n\n\n<ul>\n<li style=\"font-size:18px\">Encuentro con la Presidente del IPGH, Dra. Patricia Sol\u00eds.<\/li>\n\n\n\n<li style=\"font-size:18px\">Entrevista con la Embajadora Luz Elena Ba\u00f1os, Representante de M\u00e9xico ante la OEA.<\/li>\n\n\n\n<li style=\"font-size:18px\">Visita a la Biblioteca Col\u00f3n dela OEA, y la consulta del Libro de Actas de la VI Conferencia Internacional Americana de 1928, celebrada en La Habana, Cuba.<\/li>\n\n\n\n<li style=\"font-size:18px\">Reuni\u00f3n con el Dr. Erick Langer.<\/li>\n\n\n\n<li style=\"font-size:18px\">Reuni\u00f3n con el General de Brigada Porfirio Fuentes V\u00e9lez.<\/li>\n\n\n\n<li style=\"font-size:18px\">Reuni\u00f3n con la Presidente de la Secci\u00f3n Nacional del IPGH en Estados Unidos de Am\u00e9rica, Dra. Deirdre Bishop.<\/li>\n<\/ul>\n\n\n\n<div style=\"height:15px\" aria-hidden=\"true\" class=\"wp-block-spacer\"><\/div>\n\n\n\n<hr class=\"wp-block-separator has-text-color has-luminous-vivid-orange-color has-alpha-channel-opacity has-luminous-vivid-orange-background-color has-background is-style-dots\"\/>\n\n\n\n<p class=\"has-cyan-bluish-gray-color has-text-color has-link-color has-large-font-size wp-elements-4243b966bd718e83a2b32540f6386169\"><strong>27<\/strong><\/p>\n\n\n\n<p class=\"has-luminous-vivid-orange-color has-text-color has-link-color wp-elements-2e76e16fe00faef2abf0423debdb5b77\" style=\"font-size:25px\"><strong>Reuni\u00f3n del Comit\u00e9 Asesor de Planeamiento y Evaluaci\u00f3n Financiera del IPGH<\/strong><\/p>\n\n\n\n<div style=\"height:15px\" aria-hidden=\"true\" class=\"wp-block-spacer\"><\/div>\n\n\n\n<div class=\"wp-block-media-text is-stacked-on-mobile\"><figure class=\"wp-block-media-text__media\"><img decoding=\"async\" loading=\"lazy\" width=\"1024\" height=\"728\" src=\"https:\/\/www.ipgh.org\/mx\/wp-content\/uploads\/2024\/09\/7-junio-23-1024x728.jpg\" alt=\"\" class=\"wp-image-8740 size-full\" srcset=\"https:\/\/www.ipgh.org\/mx\/wp-content\/uploads\/2024\/09\/7-junio-23-1024x728.jpg 1024w, https:\/\/www.ipgh.org\/mx\/wp-content\/uploads\/2024\/09\/7-junio-23-300x213.jpg 300w, https:\/\/www.ipgh.org\/mx\/wp-content\/uploads\/2024\/09\/7-junio-23-768x546.jpg 768w, https:\/\/www.ipgh.org\/mx\/wp-content\/uploads\/2024\/09\/7-junio-23-1536x1092.jpg 1536w, https:\/\/www.ipgh.org\/mx\/wp-content\/uploads\/2024\/09\/7-junio-23.jpg 2048w\" sizes=\"(max-width: 1024px) 100vw, 1024px\" \/><\/figure><div class=\"wp-block-media-text__content\">\n<p class=\"has-white-color has-text-color has-background has-link-color wp-elements-22c993d605a62fa1713322cba0d0fcfd\" style=\"background-color:#ff9448;font-size:18px\">El Comit\u00e9 Asesor de Planeamiento y Evaluaci\u00f3n Financiera (APEF) del IPGH se reuni\u00f3 en formato virtual, para llevar a cabo una exhaustiva auditor\u00eda interna. El Comit\u00e9, conformado por la Dra. Patricia Sol\u00eds, Presidente del IPGH; el Agrim. Sergio Cimbaro, Director del Instituto Geogr\u00e1fico Nacional de  Argentina; y el Cnel. Juan Croquis, Director del Instituto Geogr\u00e1fico Militar. Igualmente, la mesa de trabajo estuvo integrada por el Secretario General, el personal y asesores financieros de este organismo internacional. <\/p>\n<\/div><\/div>\n\n\n\n<div style=\"height:15px\" aria-hidden=\"true\" class=\"wp-block-spacer\"><\/div>\n\n\n\n<hr class=\"wp-block-separator has-text-color has-luminous-vivid-orange-color has-alpha-channel-opacity has-luminous-vivid-orange-background-color has-background is-style-dots\"\/>\n\n\n\n<p class=\"has-cyan-bluish-gray-color has-text-color has-link-color has-large-font-size wp-elements-34ce1b9ccfca851dda096ef392680177\"><strong>29<\/strong><\/p>\n\n\n\n<p class=\"has-luminous-vivid-orange-color has-text-color has-link-color wp-elements-834ed42bea65ee7aab8db0930f3418c8\" style=\"font-size:25px\"><strong>Reuni\u00f3n de sinergias institucionales del IPGH<\/strong><\/p>\n\n\n\n<div style=\"height:15px\" aria-hidden=\"true\" class=\"wp-block-spacer\"><\/div>\n\n\n\n<p class=\"has-black-color has-text-color has-link-color wp-elements-238c444737f2113d407af01943fb438f\" style=\"font-size:18px\">El Secretario General del IPGH, junto con el personal de administraci\u00f3n financiera de este organismo, se reuni\u00f3 con las representantes bancarias del \u00e1rea de organismos internacionales que atienden esta instituci\u00f3n, licenciadas Hayde Arriaga y Alejandra Cruz. El objetivo de esta reuni\u00f3n fue tratar sinergias institucionales para mejorar los procedimientos de la banca de acuerdo a las necesidades del IPGH.<\/p>\n\n\n\n<div style=\"height:15px\" aria-hidden=\"true\" class=\"wp-block-spacer\"><\/div>\n\n\n<div class=\"wp-block-image\">\n<figure class=\"aligncenter size-full is-resized\"><img decoding=\"async\" loading=\"lazy\" src=\"https:\/\/www.ipgh.org\/mx\/wp-content\/uploads\/2024\/09\/8-juniko-23.jpg\" alt=\"\" class=\"wp-image-8744\" style=\"width:432px;height:606px\" width=\"432\" height=\"606\" srcset=\"https:\/\/www.ipgh.org\/mx\/wp-content\/uploads\/2024\/09\/8-juniko-23.jpg 574w, https:\/\/www.ipgh.org\/mx\/wp-content\/uploads\/2024\/09\/8-juniko-23-214x300.jpg 214w\" sizes=\"(max-width: 432px) 100vw, 432px\" \/><\/figure><\/div>\n\n\n<div style=\"height:15px\" aria-hidden=\"true\" class=\"wp-block-spacer\"><\/div>\n\n\n\n<hr class=\"wp-block-separator has-text-color has-luminous-vivid-orange-color has-alpha-channel-opacity has-luminous-vivid-orange-background-color has-background is-style-wide\"\/>\n\n\n\n<div class=\"wp-block-columns is-layout-flex wp-container-6 wp-block-columns-is-layout-flex\">\n<div class=\"wp-block-column is-layout-flow wp-block-column-is-layout-flow\"><\/div>\n\n\n\n<div class=\"wp-block-column is-layout-flow wp-block-column-is-layout-flow\"><\/div>\n\n\n\n<div class=\"wp-block-column is-layout-flow wp-block-column-is-layout-flow\">\n<div class=\"wp-block-buttons is-content-justification-right is-layout-flex wp-container-4 wp-block-buttons-is-layout-flex\">\n<div class=\"wp-block-button\"><a class=\"wp-block-button__link has-black-color has-cyan-bluish-gray-background-color has-text-color has-background has-link-color wp-element-button\" href=\"https:\/\/www.ipgh.org\/mx\/?page_id=8377\" style=\"border-radius:5px;padding-right:var(--wp--preset--spacing--20);padding-left:var(--wp--preset--spacing--20)\" target=\"_blank\" rel=\"noreferrer noopener\">  Regreso  <\/a><\/div>\n<\/div>\n<\/div>\n<\/div>\n","protected":false},"excerpt":{"rendered":"<p>01 Conmemoraci\u00f3n del 67\u00b0 Aniversario del ILCE en el Museo del Tel\u00e9grafo El Museo del Tel\u00e9grafo de la Ciudad de M\u00e9xico fue el escenario de la Recepci\u00f3n Oficial por la Conmemoraci\u00f3n de la Firma del Tratado del Instituto Latinoamericano de la Comunicaci\u00f3n Educativa, en el marco del 67\u00b0 Aniversario de la creaci\u00f3n de esta instituci\u00f3n. <a class=\"read-more\" href=\"https:\/\/www.ipgh.org\/mx\/?page_id=8716\">LEER M\u00c1S<\/a><\/p>\n","protected":false},"author":1,"featured_media":0,"parent":0,"menu_order":0,"comment_status":"closed","ping_status":"closed","template":"","meta":{"footnotes":""},"_links":{"self":[{"href":"https:\/\/www.ipgh.org\/mx\/index.php?rest_route=\/wp\/v2\/pages\/8716"}],"collection":[{"href":"https:\/\/www.ipgh.org\/mx\/index.php?rest_route=\/wp\/v2\/pages"}],"about":[{"href":"https:\/\/www.ipgh.org\/mx\/index.php?rest_route=\/wp\/v2\/types\/page"}],"author":[{"embeddable":true,"href":"https:\/\/www.ipgh.org\/mx\/index.php?rest_route=\/wp\/v2\/users\/1"}],"replies":[{"embeddable":true,"href":"https:\/\/www.ipgh.org\/mx\/index.php?rest_route=%2Fwp%2Fv2%2Fcomments&post=8716"}],"version-history":[{"count":5,"href":"https:\/\/www.ipgh.org\/mx\/index.php?rest_route=\/wp\/v2\/pages\/8716\/revisions"}],"predecessor-version":[{"id":10517,"href":"https:\/\/www.ipgh.org\/mx\/index.php?rest_route=\/wp\/v2\/pages\/8716\/revisions\/10517"}],"wp:attachment":[{"href":"https:\/\/www.ipgh.org\/mx\/index.php?rest_route=%2Fwp%2Fv2%2Fmedia&parent=8716"}],"curies":[{"name":"wp","href":"https:\/\/api.w.org\/{rel}","templated":true}]}}